{"id":1223,"date":"2022-03-07T12:35:23","date_gmt":"2022-03-07T11:35:23","guid":{"rendered":"https:\/\/lumiart.ch\/?page_id=1223"},"modified":"2025-03-19T11:05:13","modified_gmt":"2025-03-19T10:05:13","slug":"institut","status":"publish","type":"page","link":"https:\/\/lumiart.ch\/de\/institut\/","title":{"rendered":"Institut"},"content":{"rendered":"<p>[et_pb_section fb_built=&#8220;1&#8243; custom_padding_last_edited=&#8220;on|desktop&#8220; _builder_version=&#8220;4.27.3&#8243; _module_preset=&#8220;default&#8220; background_image=&#8220;https:\/\/lumiart.ch\/wp-content\/uploads\/2022\/03\/gruyere-62177-bulle-marche-folklorique_3000-scaled-1.jpg&#8220; custom_margin=&#8220;0px||0px||false|false&#8220; custom_padding=&#8220;175px|40px|175px|40px|true|true&#8220; custom_padding_tablet=&#8220;125px|20px|125px|20px|true|true&#8220; custom_padding_phone=&#8220;75px|20px|75px|20px|true|true&#8220; global_colors_info=&#8220;{}&#8220;][\/et_pb_section][et_pb_section fb_built=&#8220;1&#8243; custom_padding_last_edited=&#8220;on|desktop&#8220; module_class=&#8220;section_colonnes illustration-femme&#8220; _builder_version=&#8220;4.27.3&#8243; _module_preset=&#8220;default&#8220; background_enable_color=&#8220;off&#8220; custom_margin=&#8220;0px||0px||false|false&#8220; custom_padding=&#8220;80px|40px|60px|40px|false|true&#8220; custom_padding_tablet=&#8220;55px|20px|40px|20px|false|true&#8220; custom_padding_phone=&#8220;|20px||20px|false|true&#8220; global_colors_info=&#8220;{}&#8220;][et_pb_row column_structure=&#8220;1_2,1_2&#8243; use_custom_gutter=&#8220;on&#8220; gutter_width=&#8220;2&#8243; _builder_version=&#8220;4.17.3&#8243; _module_preset=&#8220;default&#8220; custom_margin=&#8220;0px||0px||false|false&#8220; custom_padding=&#8220;0px||0px||false|false&#8220; global_colors_info=&#8220;{}&#8220;][et_pb_column type=&#8220;1_2&#8243; _builder_version=&#8220;4.17.3&#8243; _module_preset=&#8220;default&#8220; global_colors_info=&#8220;{}&#8220;][et_pb_text _builder_version=&#8220;4.27.3&#8243; _module_preset=&#8220;default&#8220; text_text_color=&#8220;#AF0917&#8243; text_orientation=&#8220;center&#8220; custom_margin=&#8220;0px||14px||false|false&#8220; custom_padding=&#8220;0px||0px||false|false&#8220; text_font_size_tablet=&#8220;17px&#8220; text_font_size_phone=&#8220;16px&#8220; text_font_size_last_edited=&#8220;on|desktop&#8220; global_colors_info=&#8220;{}&#8220;]<strong>Marie-Luz Garcia<\/strong>[\/et_pb_text][et_pb_text _builder_version=&#8220;4.27.4&#8243; _module_preset=&#8220;default&#8220; header_text_align=&#8220;center&#8220; header_font_size=&#8220;38px&#8220; header_2_text_align=&#8220;center&#8220; header_2_font_size=&#8220;38px&#8220; text_orientation=&#8220;center&#8220; width=&#8220;620px&#8220; width_tablet=&#8220;620px&#8220; width_phone=&#8220;620px&#8220; width_last_edited=&#8220;on|tablet&#8220; max_width=&#8220;100%&#8220; module_alignment=&#8220;center&#8220; custom_margin=&#8220;0px||30px||false|false&#8220; custom_padding=&#8220;0px||0px||false|false&#8220; hover_enabled=&#8220;0&#8243; text_font_size_tablet=&#8220;17px&#8220; text_font_size_phone=&#8220;16px&#8220; text_font_size_last_edited=&#8220;on|desktop&#8220; header_font_size_tablet=&#8220;35px&#8220; header_font_size_phone=&#8220;32px&#8220; header_font_size_last_edited=&#8220;on|desktop&#8220; global_colors_info=&#8220;{}&#8220; sticky_enabled=&#8220;0&#8243;]<\/p>\n<h1>Das Kosmetikinstitut Lumi&#8217;ART in Bulle<\/h1>\n<p>Lumi&#8217;Art ist f\u00fcr seinen freundlichen Empfang und seine Professionalit\u00e4t bekannt. <strong>Vertraulichkeit<\/strong>, <strong>Diskretion<\/strong> und <strong>Qualit\u00e4t<\/strong> sind die goldenen Regeln dieses Kosmetik- und Make-up-Instituts, das von Marie-Luz Garcia gegr\u00fcndet wurde.<\/p>\n<p>Die dynamische Marie-Luz bietet ihren Kunden einen kompetenten und freundlichen Empfang und bietet ihnen hochwertige Produkte und Dienstleistungen an.<\/p>\n<p>Marie-Luz Garcia, die Gr\u00fcnderin des Instituts Lumi&#8217;ART, wurde in La Tour-de-Tr\u00eame im Greyerzerland geboren. Sie setzte ihre Ausbildung in der Region fort und <strong>spezialisierte sich auf Pharmazie, Kosmetik und Make-up<\/strong>. Seit 26 Jahren arbeitet sie f\u00fcr verschiedene Opern und Theaterwerke in der Region sowie f\u00fcr Veranstaltungsprojekte.<\/p>\n<p>[\/et_pb_text][et_pb_button button_url=&#8220;@ET-DC@eyJkeW5hbWljIjp0cnVlLCJjb250ZW50IjoicG9zdF9saW5rX3VybF9wYWdlIiwic2V0dGluZ3MiOnsicG9zdF9pZCI6IjYwIn19@&#8220; button_text=&#8220;Kontaktieren Sie uns&#8220; button_alignment=&#8220;center&#8220; _builder_version=&#8220;4.27.4&#8243; _dynamic_attributes=&#8220;button_url&#8220; _module_preset=&#8220;default&#8220; custom_margin=&#8220;0px||0px||false|false&#8220; custom_margin_tablet=&#8220;||20px||false|false&#8220; custom_margin_phone=&#8220;||20px||false|false&#8220; custom_margin_last_edited=&#8220;on|phone&#8220; global_colors_info=&#8220;{}&#8220;][\/et_pb_button][\/et_pb_column][et_pb_column type=&#8220;1_2&#8243; _builder_version=&#8220;4.17.3&#8243; _module_preset=&#8220;default&#8220; global_colors_info=&#8220;{}&#8220;][et_pb_image src=&#8220;https:\/\/lumiart.ch\/wp-content\/uploads\/2023\/07\/marie-luz-garcia.jpg&#8220; title_text=&#8220;marie-luz-garcia&#8220; _builder_version=&#8220;4.27.3&#8243; _module_preset=&#8220;default&#8220; width=&#8220;620px&#8220; width_tablet=&#8220;620px&#8220; width_phone=&#8220;620px&#8220; width_last_edited=&#8220;on|desktop&#8220; max_width=&#8220;100%&#8220; module_alignment=&#8220;center&#8220; custom_margin=&#8220;0px||0px||false|false&#8220; custom_padding=&#8220;0px||0px||false|false&#8220; global_colors_info=&#8220;{}&#8220;][\/et_pb_image][\/et_pb_column][\/et_pb_row][\/et_pb_section][et_pb_section fb_built=&#8220;1&#8243; custom_padding_last_edited=&#8220;on|desktop&#8220; _builder_version=&#8220;4.27.3&#8243; _module_preset=&#8220;default&#8220; custom_margin=&#8220;0px||0px||false|false&#8220; custom_padding=&#8220;55px|40px|75px|40px|false|true&#8220; custom_padding_tablet=&#8220;35px|20px|55px|20px|false|true&#8220; custom_padding_phone=&#8220;|20px||20px|false|true&#8220; global_colors_info=&#8220;{}&#8220;][et_pb_row _builder_version=&#8220;4.17.3&#8243; _module_preset=&#8220;default&#8220; custom_margin=&#8220;0px||0px||false|false&#8220; custom_padding=&#8220;0px||0px||false|false&#8220; global_colors_info=&#8220;{}&#8220;][et_pb_column type=&#8220;4_4&#8243; _builder_version=&#8220;4.17.3&#8243; _module_preset=&#8220;default&#8220; global_colors_info=&#8220;{}&#8220;][et_pb_text _builder_version=&#8220;4.27.4&#8243; _module_preset=&#8220;default&#8220; text_text_color=&#8220;#AF0917&#8243; text_orientation=&#8220;center&#8220; custom_margin=&#8220;0px||14px||false|false&#8220; custom_padding=&#8220;0px||0px||false|false&#8220; text_font_size_tablet=&#8220;17px&#8220; text_font_size_phone=&#8220;16px&#8220; text_font_size_last_edited=&#8220;on|desktop&#8220; global_colors_info=&#8220;{}&#8220;]<\/p>\n<p><strong>Die Leistungen, die wir anbieten<\/strong><\/p>\n<p>[\/et_pb_text][et_pb_text _builder_version=&#8220;4.27.4&#8243; _module_preset=&#8220;default&#8220; header_text_align=&#8220;center&#8220; header_font_size=&#8220;38px&#8220; header_2_text_align=&#8220;center&#8220; header_2_font_size=&#8220;38px&#8220; width=&#8220;620px&#8220; max_width=&#8220;100%&#8220; module_alignment=&#8220;center&#8220; custom_margin=&#8220;0px||0px||false|false&#8220; custom_padding=&#8220;0px||0px||false|false&#8220; header_2_font_size_tablet=&#8220;35px&#8220; header_2_font_size_phone=&#8220;32px&#8220; header_2_font_size_last_edited=&#8220;on|desktop&#8220; global_colors_info=&#8220;{}&#8220;]<\/p>\n<h2>Was unser Sch\u00f6nheitsinstitut Ihnen bietet<\/h2>\n<p>[\/et_pb_text][et_pb_text _builder_version=&#8220;4.27.4&#8243; _module_preset=&#8220;default&#8220; text_orientation=&#8220;justified&#8220; width=&#8220;620px&#8220; max_width=&#8220;100%&#8220; module_alignment=&#8220;center&#8220; custom_margin=&#8220;0px||0px||false|false&#8220; custom_padding=&#8220;0px||0px||false|false&#8220; text_font_size_tablet=&#8220;17px&#8220; text_font_size_phone=&#8220;16px&#8220; text_font_size_last_edited=&#8220;on|desktop&#8220; global_colors_info=&#8220;{}&#8220;]<\/p>\n<p>Marie-Luz Garcia, eine professionelle Kosmetikerin, bietet Ihnen verschiedene Behandlungen f\u00fcr M\u00e4nner und Frauen an. Entdecken Sie ihre prestigetr\u00e4chtigen Produktreihen Cellcosmet\/Cellmen und Alpeor, die exklusiv in Bulle und im Kanton Freiburg angeboten werden. Lumi&#8217;Art bietet Ihnen auch sein neues Solarium mit Speziallampen, die das Kollagen in den Zellen aktivieren, das in der Westschweiz einzigartig ist.<\/p>\n<p>Ob f\u00fcr Ihre Hochzeit, einen wichtigen Abend oder einen besonderen Tag: Z\u00f6gern Sie nicht, Marie-Luz Garcia mit Ihrem Make-up zu beauftragen. F\u00fcr verschiedene Anl\u00e4sse fertigt sie auch Airbrush-Make-ups sowie Theater-Make-ups an. Lumi&#8217;Art bietet Ihnen auch Schminkkurse und pers\u00f6nliche Beratung an und praktiziert auch Permanent-Make-up und das Anbringen von falschen Wimpern.<\/p>\n<p>Neben den Sch\u00f6nheitsbehandlungen bietet Ihnen das Institut Lumi&#8217;Art auch individuelle Beratungen zur Bachbl\u00fctentherapie sowie Sport-, Entspannungs- oder Massagen mit \u00e4therischen \u00d6len und Imageberatung an.<\/p>\n<p>Lumi&#8217;Art empf\u00e4ngt Sie in einem freundlichen Raum f\u00fcr einen Moment der Entspannung und des Wohlbefindens an der Rue de Vevey in Bulle.<\/p>\n<p>[\/et_pb_text][\/et_pb_column][\/et_pb_row][\/et_pb_section]<\/p>\n","protected":false},"excerpt":{"rendered":"<p>Marie-Luz GarciaDas Kosmetikinstitut Lumi&#8217;ART in Bulle Lumi&#8217;Art ist f\u00fcr seinen freundlichen Empfang und seine Professionalit\u00e4t bekannt. Vertraulichkeit, Diskretion und Qualit\u00e4t sind die goldenen Regeln dieses Kosmetik- und Make-up-Instituts, das von Marie-Luz Garcia gegr\u00fcndet wurde. Die dynamische Marie-Luz bietet ihren Kunden einen kompetenten und freundlichen Empfang und bietet ihnen hochwertige Produkte und Dienstleistungen an. Marie-Luz Garcia, [&hellip;]<\/p>\n","protected":false},"author":1,"featured_media":0,"parent":0,"menu_order":0,"comment_status":"closed","ping_status":"closed","template":"","meta":{"_et_pb_use_builder":"on","_et_pb_old_content":"[et_pb_section fb_built=\"1\" custom_padding_last_edited=\"on|desktop\" _builder_version=\"4.27.3\" _module_preset=\"default\" background_image=\"https:\/\/lumiart.ch\/wp-content\/uploads\/2022\/03\/gruyere-62177-bulle-marche-folklorique_3000-scaled-1.jpg\" custom_margin=\"0px||0px||false|false\" custom_padding=\"175px|40px|175px|40px|true|true\" custom_padding_tablet=\"125px|20px|125px|20px|true|true\" custom_padding_phone=\"75px|20px|75px|20px|true|true\" global_colors_info=\"{}\"][\/et_pb_section][et_pb_section fb_built=\"1\" custom_padding_last_edited=\"on|desktop\" module_class=\"section_colonnes illustration-femme\" _builder_version=\"4.27.3\" _module_preset=\"default\" background_enable_color=\"off\" custom_margin=\"0px||0px||false|false\" custom_padding=\"80px|40px|60px|40px|false|true\" custom_padding_tablet=\"55px|20px|40px|20px|false|true\" custom_padding_phone=\"|20px||20px|false|true\" global_colors_info=\"{}\"][et_pb_row column_structure=\"1_2,1_2\" use_custom_gutter=\"on\" gutter_width=\"2\" _builder_version=\"4.17.3\" _module_preset=\"default\" custom_margin=\"0px||0px||false|false\" custom_padding=\"0px||0px||false|false\" global_colors_info=\"{}\"][et_pb_column type=\"1_2\" _builder_version=\"4.17.3\" _module_preset=\"default\" global_colors_info=\"{}\"][et_pb_text _builder_version=\"4.27.3\" _module_preset=\"default\" text_text_color=\"#AF0917\" text_orientation=\"center\" custom_margin=\"0px||14px||false|false\" custom_padding=\"0px||0px||false|false\" text_font_size_tablet=\"17px\" text_font_size_phone=\"16px\" text_font_size_last_edited=\"on|desktop\" global_colors_info=\"{}\"]\n\n<strong>Marie-Luz Garcia<\/strong>\n\n[\/et_pb_text][et_pb_text _builder_version=\"4.27.3\" _module_preset=\"default\" header_text_align=\"center\" header_font_size=\"38px\" header_2_text_align=\"center\" header_2_font_size=\"38px\" text_orientation=\"center\" width=\"620px\" width_tablet=\"620px\" width_phone=\"620px\" width_last_edited=\"on|tablet\" max_width=\"100%\" module_alignment=\"center\" custom_margin=\"0px||30px||false|false\" custom_padding=\"0px||0px||false|false\" text_font_size_tablet=\"17px\" text_font_size_phone=\"16px\" text_font_size_last_edited=\"on|desktop\" header_font_size_tablet=\"35px\" header_font_size_phone=\"32px\" header_font_size_last_edited=\"on|desktop\" global_colors_info=\"{}\"]\n<h1>L'institut d'esth\u00e9tique Lumi'ART \u00e0 Bulle<\/h1>\nLumi\u2019Art est renomm\u00e9 pour son accueil et son professionnalisme. <strong>Confidentialit\u00e9<\/strong>, <strong>discr\u00e9tion<\/strong> et <strong>qualit\u00e9<\/strong> sont les r\u00e8gles d\u2019Or de cet institut d\u2019esth\u00e9tique et de maquillage cr\u00e9e par Marie-Luz Garcia.\n\nDynamique, Marie-Luz r\u00e9serve \u00e0 sa client\u00e8le une comp\u00e9tence et un accueil privil\u00e9gi\u00e9 et leur propose des produits et des prestations de qualit\u00e9.\n\n[\/et_pb_text][et_pb_button button_url=\"@ET-DC@eyJkeW5hbWljIjp0cnVlLCJjb250ZW50IjoicG9zdF9saW5rX3VybF9wYWdlIiwic2V0dGluZ3MiOnsicG9zdF9pZCI6IjYwIn19@\" button_text=\"Contactez-nous\" button_alignment=\"center\" _builder_version=\"4.27.3\" _dynamic_attributes=\"button_url\" _module_preset=\"default\" hover_enabled=\"0\" global_colors_info=\"{}\" custom_margin=\"0px||0px||false|false\" custom_margin_last_edited=\"on|phone\" sticky_enabled=\"0\" custom_margin_tablet=\"||20px||false|false\" custom_margin_phone=\"||20px||false|false\"][\/et_pb_button][\/et_pb_column][et_pb_column type=\"1_2\" _builder_version=\"4.17.3\" _module_preset=\"default\" global_colors_info=\"{}\"][et_pb_image src=\"https:\/\/lumiart.ch\/wp-content\/uploads\/2023\/07\/marie-luz-garcia.jpg\" title_text=\"marie-luz-garcia\" _builder_version=\"4.27.3\" _module_preset=\"default\" width=\"620px\" width_tablet=\"620px\" width_phone=\"620px\" width_last_edited=\"on|desktop\" max_width=\"100%\" module_alignment=\"center\" custom_margin=\"0px||0px||false|false\" custom_padding=\"0px||0px||false|false\" global_colors_info=\"{}\"][\/et_pb_image][\/et_pb_column][\/et_pb_row][\/et_pb_section][et_pb_section fb_built=\"1\" custom_padding_last_edited=\"on|desktop\" _builder_version=\"4.27.3\" _module_preset=\"default\" custom_margin=\"0px||0px||false|false\" custom_padding=\"55px|40px|75px|40px|false|true\" custom_padding_tablet=\"35px|20px|55px|20px|false|true\" custom_padding_phone=\"|20px||20px|false|true\" global_colors_info=\"{}\"][et_pb_row _builder_version=\"4.17.3\" _module_preset=\"default\" custom_margin=\"0px||0px||false|false\" custom_padding=\"0px||0px||false|false\" global_colors_info=\"{}\"][et_pb_column type=\"4_4\" _builder_version=\"4.17.3\" _module_preset=\"default\" global_colors_info=\"{}\"][et_pb_text _builder_version=\"4.27.3\" _module_preset=\"default\" text_text_color=\"#AF0917\" text_orientation=\"center\" custom_margin=\"0px||14px||false|false\" custom_padding=\"0px||0px||false|false\" text_font_size_tablet=\"17px\" text_font_size_phone=\"16px\" text_font_size_last_edited=\"on|desktop\" global_colors_info=\"{}\"]\n\n<strong>Les prestations que nous proposons<\/strong>\n\n[\/et_pb_text][et_pb_text _builder_version=\"4.27.3\" _module_preset=\"default\" header_text_align=\"center\" header_font_size=\"38px\" header_2_text_align=\"center\" header_2_font_size=\"38px\" width=\"620px\" max_width=\"100%\" module_alignment=\"center\" custom_margin=\"0px||0px||false|false\" custom_padding=\"0px||0px||false|false\" header_2_font_size_tablet=\"35px\" header_2_font_size_phone=\"32px\" header_2_font_size_last_edited=\"on|desktop\" global_colors_info=\"{}\"]\n<h2>Ce que vous offre notre institut d'esth\u00e9tique<\/h2>\n[\/et_pb_text][et_pb_text _builder_version=\"4.27.3\" _module_preset=\"default\" text_orientation=\"justified\" width=\"620px\" max_width=\"100%\" module_alignment=\"center\" custom_margin=\"0px||0px||false|false\" custom_padding=\"0px||0px||false|false\" text_font_size_tablet=\"17px\" text_font_size_phone=\"16px\" text_font_size_last_edited=\"on|desktop\" global_colors_info=\"{}\"]\n\nMarie-Luz Garcia, professionnelle d\u2019esth\u00e9tique, vous propose <a href=\"\/soins\/\" title=\"Diff\u00e9rents soins pour hommes et pour femmes\">diff\u00e9rents soins pour hommes et pour femmes<\/a>. Venez d\u00e9couvrir ses gammes de prestige, Cellcosmet\/Cellmen et Alpeor, exclusives \u00e0 Bulle et dans le canton de Fribourg. Lumi\u2019Art vous propose \u00e9galement son <a href=\"\/solarium\/\" title=\"Nouveau solarium\">nouveau solarium<\/a> avec lampes sp\u00e9ciales qui activent le collag\u00e8ne dans les cellules, unique en Suisse romande.\n\nQue ce soit pour votre <a href=\"\/organisation-mariage\/\" title=\"Organisation de votre mariage\">mariage<\/a>, pour une soir\u00e9e importante ou pour une journ\u00e9e particuli\u00e8re, n\u2019h\u00e9sitez pas \u00e0 faire appel \u00e0 Marie-Luz Garcia pour vos <a href=\"\/maquillage\/\" title=\"Maquillages\">maquillages<\/a>. Pour diff\u00e9rentes occasions, elle r\u00e9alise \u00e9galement des maquillages \u00e0 l\u2019a\u00e9rographe ainsi que des maquillages de th\u00e9\u00e2tre. Lumi\u2019Art vous propose aussi des cours de maquillages, des conseils personnalis\u00e9s et pratique \u00e9galement les maquillages permanents et la pose de faux cils.\n\nEn plus des soins esth\u00e9tiques, l'institut Lumi\u2019Art vous propose des conseils individuels en th\u00e9rapie de fleurs de Bach ainsi que des massages sportifs, relaxants ou aux huiles essentielles et conseils en image.\n\nLumi\u2019Art vous accueille dans un espace convivial pour un moment de d\u00e9tente et de bien \u00eatre \u00e0 la Rue de Vevey \u00e0 Bulle.\n\n[\/et_pb_text][\/et_pb_column][\/et_pb_row][\/et_pb_section]","_et_gb_content_width":"","footnotes":""},"class_list":["post-1223","page","type-page","status-publish","hentry"],"_links":{"self":[{"href":"https:\/\/lumiart.ch\/de\/wp-json\/wp\/v2\/pages\/1223","targetHints":{"allow":["GET"]}}],"collection":[{"href":"https:\/\/lumiart.ch\/de\/wp-json\/wp\/v2\/pages"}],"about":[{"href":"https:\/\/lumiart.ch\/de\/wp-json\/wp\/v2\/types\/page"}],"author":[{"embeddable":true,"href":"https:\/\/lumiart.ch\/de\/wp-json\/wp\/v2\/users\/1"}],"replies":[{"embeddable":true,"href":"https:\/\/lumiart.ch\/de\/wp-json\/wp\/v2\/comments?post=1223"}],"version-history":[{"count":9,"href":"https:\/\/lumiart.ch\/de\/wp-json\/wp\/v2\/pages\/1223\/revisions"}],"predecessor-version":[{"id":1558,"href":"https:\/\/lumiart.ch\/de\/wp-json\/wp\/v2\/pages\/1223\/revisions\/1558"}],"wp:attachment":[{"href":"https:\/\/lumiart.ch\/de\/wp-json\/wp\/v2\/media?parent=1223"}],"curies":[{"name":"wp","href":"https:\/\/api.w.org\/{rel}","templated":true}]}}